{"id":68,"type":"Standard","slug":"\/","media":[],"seo":{"title":"Logistick\u00e9 slu\u017eby | Raben Logistics Czech","script":[{"type":"application/ld+json","innerHTML":{"@context":"https://schema.org/","@graph":[{"@type":"WebPage","@id":"https://ceskarepublika.raben-group.com/#webpage","dateModified":"2026-08-24T15:02:32+00:00","description":"Raben Logistics Czech nabízí komplexní logistické služby, přepravu, skladování a logistická řešení pro malé, střední i velké firmy v Česku.","inLanguage":"cs-CZ","isPartOf":{"@type":"WebSite","@id":"https://ceskarepublika.raben-group.com/#website"},"name":"Logistické služby | Raben Logistics Czech","url":"https://ceskarepublika.raben-group.com/"},{"@type":"Organization","@id":"https://ceskarepublika.raben-group.com/#organization","address":{"@type":"PostalAddress","addressCountry":"CZ","addressLocality":"Nupaky","addressRegion":"Středočeský kraj","postalCode":"251 01","streetAddress":"K Vypichu 1087"},"hasCertification":["ISO 9001","ISO 14001","ISO 22000","ISO 27001","ISO 50001","AEO","IFS Logistics","SQAS"],"identifier":{"@type":"PropertyValue","name":"Městský soud v Praze","value":"24180402"},"knowsAbout":["Kontraktní logistika","Silniční doprava","Sběrná služba","Fresh Logistics","Intermodální doprava","Skladování","Řízení dodavatelského řetězce"],"legalName":"Raben Logistics Czech s.r.o.","leiCode":"259400J49YF4V7ELER71","logo":"https://ceskarepublika.raben-group.com/fileadmin/raben-logo-256x112.png","name":"Raben Group","sameAs":["https://www.facebook.com/RabenGroupOfficial","https://www.linkedin.com/company/raben-group","https://www.youtube.com/user/RabenGroupOfficial","https://www.instagram.com/raben_group/"],"taxID":"24180402","url":"https://ceskarepublika.raben-group.com/","vatID":"CZ24180402"},{"@type":"WebSite","@id":"https://ceskarepublika.raben-group.com/#website","inLanguage":"cs-CZ","name":"Raben Group","potentialAction":{"@type":"SearchAction","target":{"@type":"EntryPoint","urlTemplate":"https://ceskarepublika.raben-group.com/vyhledavani?tx_solr%5Bq%5D={search_term_string}"}},"publisher":{"@type":"Organization","@id":"https://ceskarepublika.raben-group.com/#organization"},"url":"https://ceskarepublika.raben-group.com/"}]}}],"meta":[{"name":"description","content":"Raben Logistics Czech nab\u00edz\u00ed komplexn\u00ed logistick\u00e9 slu\u017eby, p\u0159epravu, skladov\u00e1n\u00ed a logistick\u00e1 \u0159e\u0161en\u00ed pro mal\u00e9, st\u0159edn\u00ed i velk\u00e9 firmy v \u010cesku."},{"name":"generator","content":"TYPO3 CMS x T3Headless"},{"name":"keywords","content":"logistick\u00e9 slu\u017eby, logistick\u00e1 \u0159e\u0161en\u00ed, logistika, komplexn\u00ed logistika, logistika pro firmy, p\u0159eprava zbo\u017e\u00ed, silni\u010dn\u00ed p\u0159eprava, mezin\u00e1rodn\u00ed p\u0159eprava, vnitrost\u00e1tn\u00ed p\u0159eprava, LTL p\u0159eprava, dokl\u00e1dkov\u00e1 p\u0159eprava, FTL p\u0159eprava, celovozov\u00e1 p\u0159eprava, smluvn\u00ed logistika, skladov\u00e1n\u00ed, logistika \u010derstv\u00fdch potravin, Fresh Logistics, Raben Logistics Czech, Raben Group"},{"property":"og:title","content":"Raben Group Czech Republic"},{"property":"og:description","content":"Raben Logistics Czech nab\u00edz\u00ed komplexn\u00ed logistick\u00e9 slu\u017eby pro mal\u00e9, st\u0159edn\u00ed i velk\u00e9 firmy. Zaji\u0161\u0165ujeme vnitrost\u00e1tn\u00ed a mezin\u00e1rodn\u00ed p\u0159epravu, LTL a FTL, smluvn\u00ed logistiku, skladov\u00e1n\u00ed a logistiku \u010derstv\u00fdch potravin."},{"property":"og:image","content":"https:\/\/ceskarepublika.raben-group.com\/fileadmin\/general\/Raben_Group_flowers.jpg"},{"property":"og:type","content":"website"},{"name":"twitter:title","content":"Logistick\u00e9 slu\u017eby | Raben Logistics Czech"},{"name":"twitter:description","content":"Raben Logistics Czech nab\u00edz\u00ed komplexn\u00ed logistick\u00e9 slu\u017eby, p\u0159epravu, skladov\u00e1n\u00ed a logistick\u00e1 \u0159e\u0161en\u00ed pro mal\u00e9, st\u0159edn\u00ed i velk\u00e9 firmy v \u010cesku."},{"name":"twitter:image","content":"https:\/\/ceskarepublika.raben-group.com\/fileadmin\/general\/Raben_Group_flowers.jpg"},{"name":"twitter:card","content":"summary_large_image"}],"link":[{"href":"https:\/\/ceskarepublika.raben-group.com\/","rel":"canonical"}],"htmlAttrs":{"lang":"cs","dir":null},"bodyAttrs":{"class":"pid-68 layout-layout-0"}},"categories":"","breadcrumbs":[{"title":"Raben Czech Republic","link":"\/","target":"","active":1,"current":1,"spacer":0,"hasSubpages":1}],"appearance":{"layout":"layout-0","backendLayout":"homepage","icon":"","backgroundColor":"white","leadColor":"red"},"content":{"colPos0":[{"id":17129,"type":"raben_slider","colPos":0,"categories":"","appearance":{"layout":"default","frameClass":"none","spaceBefore":"","spaceAfter":"","color":"","secondaryColor":"","backgroundColor":""},"content":{"header":"Logistick\u00e9 slu\u017eby a p\u0159eprava zbo\u017e\u00ed v \u010cR a po cel\u00e9 Evrop\u011b","subheader":"Vyhledat z\u00e1silku","headerLayout":1,"headerPosition":"","headerLink":"","headerType":"h1","subheaderType":"0","showBadge":"1","badgeType":"your-partner-in-logistics","defaultCtaText":"","layout":"slider-homepage-search","bannerImageFocus":"center","autoplay":"0","search":true,"searchHeader":"Vyhled\u00e1v\u00e1n\u00ed z\u00e1silky","searchButtonText":"myRaben","searchButtonShortText":"P\u0159ihl\u00e1\u0161en\u00ed do myRaben","searchButtonLink":{"href":"https:\/\/myraben.com","target":"_blank","class":null,"title":null,"linkText":"https:\/\/myraben.com","additionalAttributes":{"rel":"noreferrer"}},"searchButtonIcon":"","slider":[{"id":8515,"type":"rabenbase_slide_item","colPos":0,"categories":"","appearance":{"layout":"default","frameClass":"","spaceBefore":"","spaceAfter":"","color":"","secondaryColor":"","backgroundColor":""},"content":{"header":"BEZPE\u010cNOST A SPOLEHLIVOST NA PRVN\u00cdM M\u00cdST\u011a","subheader":"","headerType":"h1","subheaderType":"","textLocation":"normal","media":[{"publicUrl":"https:\/\/cz-api.raben-group.com\/fileadmin\/user_upload\/HOME_BANNER__Van_vs_TRUCK.jpg","properties":{"title":null,"alternative":null,"description":null,"link":null,"linkData":null,"mimeType":"image\/jpeg","type":"image","filename":"HOME_BANNER__Van_vs_TRUCK.jpg","originalUrl":"\/fileadmin\/user_upload\/HOME_BANNER__Van_vs_TRUCK.jpg","uidLocal":122498,"fileReferenceUid":61663,"size":"109 KB","dimensions":{"width":1920,"height":640},"cropDimensions":{"width":1920,"height":640},"crop":{"desktop":{"cropArea":{"x":0.1,"y":0.1,"width":0.8,"height":0.8},"selectedRatio":"3:1","focusArea":null},"tablet":{"cropArea":{"x":0.23333333333333334,"y":0.1,"width":0.5333333333333333,"height":0.8},"selectedRatio":"2:1","focusArea":null},"mobile":{"cropArea":{"x":0.39333333333333337,"y":0.1,"width":0.21333333333333335,"height":0.8},"selectedRatio":"4:5","focusArea":null}},"autoplay":null,"extension":"jpg"},"cropVariants":{"desktop":{"publicUrl":"https:\/\/cz-api.raben-group.com\/fileadmin\/_processed_\/f\/c\/csm_HOME_BANNER__Van_vs_TRUCK_283c8937d8.jpg","properties":{"dimensions":{"width":1536,"height":512}}},"tablet":{"publicUrl":"https:\/\/cz-api.raben-group.com\/fileadmin\/_processed_\/f\/c\/csm_HOME_BANNER__Van_vs_TRUCK_cafe270ec6.jpg","properties":{"dimensions":{"width":1024,"height":512}}},"mobile":{"publicUrl":"https:\/\/cz-api.raben-group.com\/fileadmin\/_processed_\/f\/c\/csm_HOME_BANNER__Van_vs_TRUCK_3c68b84a46.jpg","properties":{"dimensions":{"width":410,"height":512}}}}}],"icon":[],"link":{"href":"https:\/\/ceskarepublika.raben-group.com\/sluzby\/silnicni-preprava\/bezpecnost-a-spolehlivost-na-prvnim-miste","target":null,"class":null,"title":null,"linkText":"https:\/\/ceskarepublika.raben-group.com\/sluzby\/silnicni-preprava\/bezpecnost-a-spolehlivost-na-prvnim-miste","additionalAttributes":[]},"description":"","actionColor":"red"}}]}},{"id":40701,"type":"raben_importantinformation","colPos":0,"categories":"","appearance":{"layout":"default","frameClass":"default","spaceBefore":"medium","spaceAfter":"medium","color":"","secondaryColor":"","backgroundColor":""},"content":{"header":"Nov\u00e1 pravidla EU pro mezin\u00e1rodn\u00ed p\u0159epravu od \u010dervence 2026: Co se m\u011bn\u00ed?","text":"Od 1. \u010dervence 2026 plat\u00ed nov\u00e1 na\u0159\u00edzen\u00ed EU, kter\u00e1 z\u00e1sadn\u011b m\u011bn\u00ed organizaci mezin\u00e1rodn\u00ed silni\u010dn\u00ed dopravy. Lehk\u00e1 u\u017eitkov\u00e1 vozidla o hmotnosti od 2,5 do 3,5 tuny vyu\u017e\u00edvan\u00e1 pro mezin\u00e1rodn\u00ed p\u0159epravu nov\u011b podl\u00e9haj\u00ed povinn\u00e9mu pou\u017e\u00edv\u00e1n\u00ed tachograf\u016f, pravidl\u016fm pro dobu \u0159\u00edzen\u00ed a odpo\u010dinku \u0159idi\u010d\u016f i souvisej\u00edc\u00edm administrativn\u00edm povinnostem.","links":[{"text":"V\u00cdCE INFORMAC\u00cd","link":{"href":"https:\/\/ceskarepublika.raben-group.com\/sluzby\/silnicni-preprava\/bezpecnost-a-spolehlivost-na-prvnim-miste","target":null,"class":null,"title":null,"linkText":"https:\/\/ceskarepublika.raben-group.com\/sluzby\/silnicni-preprava\/bezpecnost-a-spolehlivost-na-prvnim-miste","additionalAttributes":[]},"style":"","color":"","country":{"id":"","name":""}}],"textAlignment":"left","colorScheme":"gray"}},{"id":17128,"type":"raben_tiles","colPos":0,"categories":"","appearance":{"layout":"default","frameClass":"default","spaceBefore":"small","spaceAfter":"small","color":"","secondaryColor":"nevada","backgroundColor":"white"},"content":{"header":"Zeptat se na cenu","subheader":"","headerLayout":0,"headerPosition":"","headerLink":"","headerType":"0","subheaderType":"0","layout":"with-arrow-link-inline","primaryColor":"red","tileHeight":"normal","sliderType":"","tiles":[{"id":2670,"type":"rabenbase_tiles_item","colPos":0,"categories":"","appearance":{"layout":"default","frameClass":"","spaceBefore":"","spaceAfter":"","color":"","secondaryColor":"","backgroundColor":""},"content":{"header":"Poptat p\u0159epravu","subheader":"","headerType":"0","subheaderType":"","text":"","ctaText":"","image":[],"link":{"href":"\/jaky-druh-nabidky-hledate","target":null,"class":null,"title":null,"linkText":"Jak\u00fd druh nab\u00eddky hled\u00e1te?","additionalAttributes":[]}}},{"id":2671,"type":"rabenbase_tiles_item","colPos":0,"categories":"","appearance":{"layout":"default","frameClass":"","spaceBefore":"","spaceAfter":"","color":"","secondaryColor":"","backgroundColor":""},"content":{"header":"Poptat komplexn\u00ed slu\u017eby","subheader":"","headerType":"0","subheaderType":"","text":"","ctaText":"","image":[],"link":{"href":"\/co-vas-zajima","target":null,"class":null,"title":null,"linkText":"Co v\u00e1s zaj\u00edm\u00e1?","additionalAttributes":[]}}},{"id":2672,"type":"rabenbase_tiles_item","colPos":0,"categories":"","appearance":{"layout":"default","frameClass":"","spaceBefore":"","spaceAfter":"","color":"","secondaryColor":"","backgroundColor":""},"content":{"header":"Kontaktujte n\u00e1s","subheader":"","headerType":"0","subheaderType":"","text":"","ctaText":"","image":[],"link":{"href":"\/kontakty","target":"_blank","class":null,"title":null,"linkText":"Kontakty","additionalAttributes":[]}}}]}},{"id":27251,"type":"raben_image_with_description","colPos":0,"categories":"","appearance":{"layout":"default","frameClass":"default","spaceBefore":"","spaceAfter":"","color":"","secondaryColor":"","backgroundColor":""},"content":{"header":"Pro\u010d zvolit Raben Logistics Czech jako partnera pro logistiku?","subheader":"","headerLayout":0,"headerPosition":"","headerLink":"","headerType":"h2","subheaderType":"h3","bodytext":"<p><span class=\"ce-text-moderate\">Raben Logistics Czech nab\u00edz\u00ed komplexn\u00ed logistick\u00e9 slu\u017eby pro mal\u00e9, st\u0159edn\u00ed i velk\u00e9 firmy. Zaji\u0161\u0165ujeme vnitrost\u00e1tn\u00ed a mezin\u00e1rodn\u00ed p\u0159epravu zbo\u017e\u00ed, skladov\u00e1n\u00ed, celovozovou p\u0159epravu (FTL), dokl\u00e1dkovou p\u0159epravu (LTL), logistiku \u010derstv\u00fdch potravin i celn\u00ed slu\u017eby. D\u00edky strategick\u00e9 s\u00edti <strong>Eurohub\u016f<\/strong> zaji\u0161\u0165ujeme doru\u010den\u00ed z\u00e1silek z \u010ceska do N\u011bmecka standardn\u011b do <strong>24 hodin<\/strong>.<\/span><br>&nbsp;<\/p>\n<ul class=\"bullet-list--double-check\"><li data-list-item-id=\"ed96fcca9140b277b35c82d49281f2886\"><span class=\"ce-text-moderate\"><strong>Mezin\u00e1rodn\u00ed sb\u011brn\u00e1 slu\u017eba:<\/strong> P\u0159\u00edm\u00e9 linky z \u010cR do N\u011bmecka, Polska, It\u00e1lie a dal\u0161\u00edch 17 zem\u00ed Evropy.<\/span><\/li><li data-list-item-id=\"e4c90118841b52152e9c5244e6fc28b27\"><span class=\"ce-text-moderate\"><strong>Skladov\u00e1n\u00ed a VAS:<\/strong> Modern\u00ed sklady s p\u0159idanou hodnotou (balen\u00ed, etikov\u00e1n\u00ed a kompletov\u00e1n\u00ed).<\/span><\/li><li data-list-item-id=\"e848394b1373681d70f6e9df3c45df751\"><span class=\"ce-text-moderate\"><strong>Fresh Logistics:<\/strong> Certifikovan\u00e1 p\u0159eprava \u010derstv\u00fdch potravin v kontrolovan\u00e9m teplotn\u00edm re\u017eimu.<\/span><\/li><li data-list-item-id=\"e4e2634130f72e3d7ee727cd1bd903414\"><span class=\"ce-text-moderate\"><strong>Digit\u00e1ln\u00ed spr\u00e1va:<\/strong> Sledov\u00e1n\u00ed z\u00e1silek v re\u00e1ln\u00e9m \u010dase a online administrace p\u0159es port\u00e1l<strong> <\/strong><\/span><a href=\"https:\/\/adfs.myraben.com\/adfs\/ls\/\" target=\"_blank\" title=\"MyRaben\" rel=\"noreferrer\"><span class=\"ce-text-moderate\"><strong><u>myRaben<\/u><\/strong><\/span><\/a><span class=\"ce-text-moderate\"><strong>.<\/strong><\/span><\/li><li data-list-item-id=\"e1b5b91d8c1743303a72e5b7a6a7fe83a\"><span class=\"ce-text-moderate\"><strong>Udr\u017eiteln\u00e1 p\u0159eprava:<\/strong> Aktivn\u00ed sni\u017eov\u00e1n\u00ed emis\u00ed CO2 a vyu\u017e\u00edv\u00e1n\u00ed modern\u00edho vozov\u00e9ho parku.<\/span><\/li><\/ul>\n<p><span class=\"ce-text-moderate\">Hled\u00e1te spolehliv\u00e9ho partnera pro p\u0159epravu nebo skladov\u00e1n\u00ed v \u010cesku?&nbsp;<\/span><br><br><a href=\"https:\/\/ceskarepublika.raben-group.com\/kontakty\" class=\"link-button link-button--red\" title=\"Poptat logistick\u00e9 slu\u017eby Raben\"><span class=\"ce-text-moderate\">Poptat logistick\u00e9 slu\u017eby<\/span><\/a><\/p>\n\n","layout":"description_with_image","fullWidthImage":"0","image":[{"publicUrl":"https:\/\/cz-api.raben-group.com\/fileadmin\/_processed_\/9\/3\/csm_sekcja_1_praca_u_przewoznika_e955fe3554.jpg","properties":{"title":null,"alternative":null,"description":null,"link":null,"linkData":null,"mimeType":"image\/jpeg","type":"image","filename":"csm_sekcja_1_praca_u_przewoznika_e955fe3554.jpg","originalUrl":"\/fileadmin\/HR_PHOTOS\/sekcja_1_praca_u_przewoznika.jpg","uidLocal":4551,"fileReferenceUid":38789,"size":"38 KB","dimensions":{"width":799,"height":532},"cropDimensions":{"width":799,"height":532},"crop":{"default":{"cropArea":{"x":0,"y":0.0021847690387016587,"width":0.99875,"height":0.9975031210986266},"selectedRatio":"3:2","focusArea":null}},"autoplay":null,"extension":null}}]}},{"id":6733,"type":"raben_tiles","colPos":0,"categories":"","appearance":{"layout":"default","frameClass":"default","spaceBefore":"medium","spaceAfter":"medium","color":"","secondaryColor":"","backgroundColor":"white"},"content":{"header":"Na\u0161e \u0159e\u0161en\u00ed pro v\u00e1s","subheader":"","headerLayout":0,"headerPosition":"","headerLink":"","headerType":"0","subheaderType":"0","layout":"three-a-row-with-images","primaryColor":"red","tileHeight":"normal","sliderType":"","tiles":[{"id":470,"type":"tx_rabenbase_tiles_item","colPos":0,"categories":"","appearance":{"layout":"default","frameClass":"","spaceBefore":"","spaceAfter":"","color":"","secondaryColor":"","backgroundColor":""},"content":{"header":"Silni\u010dn\u00ed p\u0159eprava","subheader":"","headerType":"0","subheaderType":"","text":"","ctaText":"","image":[{"publicUrl":"https:\/\/cz-api.raben-group.com\/fileadmin\/_processed_\/b\/c\/csm_Raben_your_partner_in_logistics_1_9b6b681f74.jpg","properties":{"title":"Raben your partner in logistics","alternative":"Raben your partner in logistics","description":"Raben your partner in logistics","link":null,"linkData":null,"mimeType":"image\/jpeg","type":"image","filename":"csm_Raben_your_partner_in_logistics_1_9b6b681f74.jpg","originalUrl":"\/fileadmin\/PHOTOS\/Raben_your_partner_in_logistics_1.jpg","uidLocal":2060,"fileReferenceUid":8270,"size":"256 KB","dimensions":{"width":1270,"height":635},"cropDimensions":{"width":1270,"height":635},"crop":{"default":{"cropArea":{"x":0.000249875062468795,"y":0.10794602698650675,"width":0.9995002498750624,"height":0.7496251874062968},"selectedRatio":"2:1","focusArea":null}},"autoplay":null,"extension":null}}],"link":{"href":"\/sluzby\/silnicni-preprava","target":null,"class":null,"title":null,"linkText":"Silni\u010dn\u00ed p\u0159eprava","additionalAttributes":[]}}},{"id":469,"type":"tx_rabenbase_tiles_item","colPos":0,"categories":"","appearance":{"layout":"default","frameClass":"","spaceBefore":"","spaceAfter":"","color":"","secondaryColor":"","backgroundColor":""},"content":{"header":"Smluvn\u00ed logistika","subheader":"","headerType":"0","subheaderType":"","text":"","ctaText":"","image":[{"publicUrl":"https:\/\/cz-api.raben-group.com\/fileadmin\/_processed_\/6\/c\/csm_Raben_warehouse_forklift_1-min_c7d4f8fca7.jpg","properties":{"title":"Raben Group contract logistics","alternative":"Raben Group contract logistics","description":"motostivuitor in depozitul Raben","link":null,"linkData":null,"mimeType":"image\/jpeg","type":"image","filename":"csm_Raben_warehouse_forklift_1-min_c7d4f8fca7.jpg","originalUrl":"\/fileadmin\/PHOTOS\/Raben_warehouse_forklift_1-min.jpg","uidLocal":2019,"fileReferenceUid":8269,"size":"195 KB","dimensions":{"width":1270,"height":635},"cropDimensions":{"width":1270,"height":635},"crop":{"default":{"cropArea":{"x":0,"y":0.07065962431628223,"width":1,"height":0.7492354740061162},"selectedRatio":"2:1","focusArea":null}},"autoplay":null,"extension":null}}],"link":{"href":"\/sluzby\/smluvni-logistika","target":null,"class":null,"title":null,"linkText":"Smluvn\u00ed logistika","additionalAttributes":[]}}},{"id":471,"type":"tx_rabenbase_tiles_item","colPos":0,"categories":"","appearance":{"layout":"default","frameClass":"","spaceBefore":"","spaceAfter":"","color":"","secondaryColor":"","backgroundColor":""},"content":{"header":"Logistika \u010derstv\u00fdch potravin","subheader":"","headerType":"0","subheaderType":"","text":"","ctaText":"","image":[{"publicUrl":"https:\/\/cz-api.raben-group.com\/fileadmin\/_processed_\/d\/3\/csm_Fresh__truck_487e40c9d4.jpg","properties":{"title":"Raben truck on the way to customers.","alternative":"Raben truck on the way to customers.","description":"Raben truck on the way to customers.","link":null,"linkData":null,"mimeType":"image\/jpeg","type":"image","filename":"csm_Fresh__truck_487e40c9d4.jpg","originalUrl":"\/fileadmin\/PHOTOS\/Raben_truck1.jpg","uidLocal":4686,"fileReferenceUid":20804,"size":"265 KB","dimensions":{"width":1270,"height":635},"cropDimensions":{"width":1270,"height":635},"crop":{"default":{"cropArea":{"height":0.7496251874062968,"width":1,"x":0,"y":0.20839580209895053},"selectedRatio":"2:1","focusArea":null}},"autoplay":null,"extension":null}}],"link":{"href":"\/sluzby\/logistika-cerstvych-potravin","target":null,"class":null,"title":null,"linkText":"Logistika \u010derstv\u00fdch potravin","additionalAttributes":[]}}},{"id":472,"type":"tx_rabenbase_tiles_item","colPos":0,"categories":"","appearance":{"layout":"default","frameClass":"","spaceBefore":"","spaceAfter":"","color":"","secondaryColor":"","backgroundColor":""},"content":{"header":"Celovozov\u00e1 p\u0159eprava","subheader":"","headerType":"0","subheaderType":"","text":"","ctaText":"","image":[{"publicUrl":"https:\/\/cz-api.raben-group.com\/fileadmin\/_processed_\/f\/f\/csm_Raben_container_old_branding_1-min_d6f4c73262.jpg","properties":{"title":"Raben trailer awaiting unloading","alternative":"Raben trailer awaiting unloading","description":"Raben trailer awaiting unloading. International transport","link":null,"linkData":null,"mimeType":"image\/jpeg","type":"image","filename":"csm_Raben_container_old_branding_1-min_d6f4c73262.jpg","originalUrl":"\/fileadmin\/PHOTOS\/Raben_container_old_branding_1-min.jpg","uidLocal":2096,"fileReferenceUid":8272,"size":"124 KB","dimensions":{"width":1270,"height":635},"cropDimensions":{"width":1270,"height":635},"crop":{"default":{"cropArea":{"x":0.000249875062468795,"y":0.22938530734632684,"width":0.9995002498750624,"height":0.7496251874062968},"selectedRatio":"2:1","focusArea":null}},"autoplay":null,"extension":null}}],"link":{"href":"https:\/\/ceskarepublika.raben-group.com\/dokladkova-preprava","target":null,"class":null,"title":null,"linkText":"https:\/\/ceskarepublika.raben-group.com\/dokladkova-preprava","additionalAttributes":[]}}},{"id":7388,"type":"rabenbase_tiles_item","colPos":0,"categories":"","appearance":{"layout":"default","frameClass":"","spaceBefore":"","spaceAfter":"","color":"","secondaryColor":"","backgroundColor":""},"content":{"header":"LTL dokl\u00e1dkov\u00e1 p\u0159eprava","subheader":"","headerType":"0","subheaderType":"","text":"","ctaText":"","image":[{"publicUrl":"https:\/\/cz-api.raben-group.com\/fileadmin\/_processed_\/8\/9\/csm_csm_LTL_transport_950dc8cafd_6b809986ff.webp","properties":{"title":"LTL dokl\u00e1dkov\u00e1 p\u0159eprava p\u0159eprava","alternative":"Kamion zaji\u0161\u0165uj\u00edc\u00ed LTL dokl\u00e1dkovou p\u0159epravu z\u00e1silek","description":null,"link":null,"linkData":null,"mimeType":"image\/webp","type":"image","filename":"csm_csm_LTL_transport_950dc8cafd_6b809986ff.webp","originalUrl":"\/fileadmin\/user_upload\/csm_LTL_transport_950dc8cafd.webp","uidLocal":123125,"fileReferenceUid":62060,"size":"293 KB","dimensions":{"width":1270,"height":953},"cropDimensions":{"width":1270,"height":953},"crop":{"desktop":{"cropArea":{"x":0.174,"y":0.4226666666666667,"width":0.8,"height":0.5333333333333333},"selectedRatio":"2:1","focusArea":null},"tablet":{"cropArea":{"x":0.1,"y":0.14444444444444446,"width":0.8,"height":0.711111111111111},"selectedRatio":"3:2","focusArea":null},"mobile":{"cropArea":{"x":0.1,"y":0.2866666666666667,"width":0.8,"height":0.4266666666666667},"selectedRatio":"5:2","focusArea":null}},"autoplay":null,"extension":null},"cropVariants":{"desktop":{"publicUrl":"https:\/\/cz-api.raben-group.com\/fileadmin\/_processed_\/8\/9\/csm_csm_LTL_transport_950dc8cafd_5abbc7882b.webp","properties":{"dimensions":{"width":1120,"height":560}}},"tablet":{"publicUrl":"https:\/\/cz-api.raben-group.com\/fileadmin\/_processed_\/8\/9\/csm_csm_LTL_transport_950dc8cafd_99f0617127.webp","properties":{"dimensions":{"width":1120,"height":747}}},"mobile":{"publicUrl":"https:\/\/cz-api.raben-group.com\/fileadmin\/_processed_\/8\/9\/csm_csm_LTL_transport_950dc8cafd_18df066704.webp","properties":{"dimensions":{"width":1120,"height":448}}}}}],"link":{"href":"https:\/\/ceskarepublika.raben-group.com\/sluzby\/ltl-preprava","target":null,"class":null,"title":null,"linkText":"https:\/\/ceskarepublika.raben-group.com\/sluzby\/ltl-preprava","additionalAttributes":[]}}}]}},{"id":6732,"type":"raben_slider","colPos":0,"categories":"","appearance":{"layout":"default","frameClass":"default","spaceBefore":"medium","spaceAfter":"medium","color":"","secondaryColor":"","backgroundColor":""},"content":{"header":"Segmenty","subheader":"Zjist\u011bte v\u00edce o \u0159e\u0161en\u00ed pro va\u0161e odv\u011btv\u00ed","headerLayout":0,"headerPosition":"","headerLink":"","headerType":"h2","subheaderType":"0","showBadge":"1","badgeType":"your-partner-in-logistics","defaultCtaText":"","layout":"slider-with-grids","bannerImageFocus":"center","autoplay":"0","search":false,"searchHeader":"","searchButtonText":"","searchButtonShortText":"","searchButtonLink":"","searchButtonIcon":"","slider":[{"id":709,"type":"rabenbase_slide_item","colPos":0,"categories":"","appearance":{"layout":"default","frameClass":"","spaceBefore":"","spaceAfter":"","color":"","secondaryColor":"","backgroundColor":""},"content":{"header":"FMCG potraviny","subheader":"","headerType":"0","subheaderType":"","textLocation":"bottom","media":[{"publicUrl":"https:\/\/cz-api.raben-group.com\/fileadmin\/user_upload\/raben_logistics.jpg","properties":{"title":null,"alternative":null,"description":null,"link":null,"linkData":null,"mimeType":"image\/jpeg","type":"image","filename":"raben_logistics.jpg","originalUrl":"\/fileadmin\/user_upload\/raben_logistics.jpg","uidLocal":10,"fileReferenceUid":8259,"size":"117 KB","dimensions":{"width":721,"height":359},"cropDimensions":{"width":721,"height":359},"crop":"","autoplay":null,"extension":"jpg"}}],"icon":[{"publicUrl":"https:\/\/cz-api.raben-group.com\/fileadmin\/ICONS_-_INDUSTRIES\/FMCG_food_icon.png","properties":{"title":"FMCG food icon","alternative":"FMCG food icon","description":"FMCG food icon","link":null,"linkData":null,"mimeType":"image\/png","type":"image","filename":"FMCG_food_icon.png","originalUrl":"\/fileadmin\/ICONS_-_INDUSTRIES\/FMCG_food_icon.png","uidLocal":1927,"fileReferenceUid":8260,"size":"28 KB","dimensions":{"width":1068,"height":1067},"cropDimensions":{"width":1068,"height":1067},"crop":"","autoplay":null,"extension":"png"}}],"link":{"href":"\/segmenty\/fmcg-potraviny","target":null,"class":null,"title":null,"linkText":"FMCG potraviny","additionalAttributes":[]},"description":"","actionColor":"red"}},{"id":710,"type":"rabenbase_slide_item","colPos":0,"categories":"","appearance":{"layout":"default","frameClass":"","spaceBefore":"","spaceAfter":"","color":"","secondaryColor":"","backgroundColor":""},"content":{"header":"FMCG nepotravinov\u00e9 produkty","subheader":"","headerType":"0","subheaderType":"","textLocation":"bottom","media":[{"publicUrl":"https:\/\/cz-api.raben-group.com\/fileadmin\/user_upload\/fresh_logistics.jpg","properties":{"title":null,"alternative":null,"description":null,"link":null,"linkData":null,"mimeType":"image\/jpeg","type":"image","filename":"fresh_logistics.jpg","originalUrl":"\/fileadmin\/user_upload\/fresh_logistics.jpg","uidLocal":9,"fileReferenceUid":8261,"size":"68 KB","dimensions":{"width":721,"height":359},"cropDimensions":{"width":721,"height":359},"crop":"","autoplay":null,"extension":"jpg"}}],"icon":[{"publicUrl":"https:\/\/cz-api.raben-group.com\/fileadmin\/ICONS_-_INDUSTRIES\/FMCG_non_food_icon.png","properties":{"title":"FMCG non food icon","alternative":"FMCG non food icon","description":"FMCG non food icon","link":null,"linkData":null,"mimeType":"image\/png","type":"image","filename":"FMCG_non_food_icon.png","originalUrl":"\/fileadmin\/ICONS_-_INDUSTRIES\/FMCG_non_food_icon.png","uidLocal":1928,"fileReferenceUid":8262,"size":"31 KB","dimensions":{"width":1068,"height":1067},"cropDimensions":{"width":1068,"height":1067},"crop":"","autoplay":null,"extension":"png"}}],"link":{"href":"\/segmenty\/fmcg-nepotravinove-produkty","target":null,"class":null,"title":null,"linkText":"FMCG nepotravinov\u00e9 produkty","additionalAttributes":[]},"description":"","actionColor":"red"}},{"id":714,"type":"rabenbase_slide_item","colPos":0,"categories":"","appearance":{"layout":"default","frameClass":"","spaceBefore":"","spaceAfter":"","color":"","secondaryColor":"","backgroundColor":""},"content":{"header":"Technologie","subheader":"","headerType":"0","subheaderType":"","textLocation":"bottom","media":[],"icon":[{"publicUrl":"https:\/\/cz-api.raben-group.com\/fileadmin\/ICONS_-_INDUSTRIES\/technology_icon.png","properties":{"title":"Technology icon","alternative":"Technology icon","description":"Technology icon","link":null,"linkData":null,"mimeType":"image\/png","type":"image","filename":"technology_icon.png","originalUrl":"\/fileadmin\/ICONS_-_INDUSTRIES\/technology_icon.png","uidLocal":1932,"fileReferenceUid":8267,"size":"42 KB","dimensions":{"width":1068,"height":1067},"cropDimensions":{"width":1068,"height":1067},"crop":"","autoplay":null,"extension":"png"}}],"link":{"href":"\/segmenty\/technologie","target":null,"class":null,"title":null,"linkText":"Technologie","additionalAttributes":[]},"description":"","actionColor":"red"}},{"id":711,"type":"rabenbase_slide_item","colPos":0,"categories":"","appearance":{"layout":"default","frameClass":"","spaceBefore":"","spaceAfter":"","color":"","secondaryColor":"","backgroundColor":""},"content":{"header":"Automotive","subheader":"","headerType":"0","subheaderType":"","textLocation":"bottom","media":[{"publicUrl":"https:\/\/cz-api.raben-group.com\/fileadmin\/user_upload\/test_raben.jpg","properties":{"title":null,"alternative":null,"description":null,"link":null,"linkData":null,"mimeType":"image\/jpeg","type":"image","filename":"test_raben.jpg","originalUrl":"\/fileadmin\/user_upload\/test_raben.jpg","uidLocal":1,"fileReferenceUid":8263,"size":"54 KB","dimensions":{"width":721,"height":359},"cropDimensions":{"width":721,"height":359},"crop":"","autoplay":null,"extension":"jpg"}}],"icon":[{"publicUrl":"https:\/\/cz-api.raben-group.com\/fileadmin\/ICONS_-_INDUSTRIES\/automotive_icon.png","properties":{"title":"Automotive icon","alternative":"Automotive icon","description":"Automotive icon","link":null,"linkData":null,"mimeType":"image\/png","type":"image","filename":"automotive_icon.png","originalUrl":"\/fileadmin\/ICONS_-_INDUSTRIES\/automotive_icon.png","uidLocal":1926,"fileReferenceUid":8264,"size":"24 KB","dimensions":{"width":1068,"height":1067},"cropDimensions":{"width":1068,"height":1067},"crop":"","autoplay":null,"extension":"png"}}],"link":{"href":"\/segmenty\/automotive","target":null,"class":null,"title":null,"linkText":"Automotive","additionalAttributes":[]},"description":"","actionColor":"red"}},{"id":713,"type":"rabenbase_slide_item","colPos":0,"categories":"","appearance":{"layout":"default","frameClass":"","spaceBefore":"","spaceAfter":"","color":"","secondaryColor":"","backgroundColor":""},"content":{"header":"Maloobchod","subheader":"","headerType":"0","subheaderType":"","textLocation":"bottom","media":[],"icon":[{"publicUrl":"https:\/\/cz-api.raben-group.com\/fileadmin\/ICONS_-_INDUSTRIES\/retail_icon.png","properties":{"title":"Retail icon","alternative":"Retail icon","description":"Retail icon","link":null,"linkData":null,"mimeType":"image\/png","type":"image","filename":"retail_icon.png","originalUrl":"\/fileadmin\/ICONS_-_INDUSTRIES\/retail_icon.png","uidLocal":1931,"fileReferenceUid":8266,"size":"22 KB","dimensions":{"width":1068,"height":1067},"cropDimensions":{"width":1068,"height":1067},"crop":"","autoplay":null,"extension":"png"}}],"link":{"href":"\/segmenty\/maloobchod","target":null,"class":null,"title":null,"linkText":"Maloobchod","additionalAttributes":[]},"description":"","actionColor":"red"}},{"id":712,"type":"rabenbase_slide_item","colPos":0,"categories":"","appearance":{"layout":"default","frameClass":"","spaceBefore":"","spaceAfter":"","color":"","secondaryColor":"","backgroundColor":""},"content":{"header":"Chemie","subheader":"","headerType":"0","subheaderType":"","textLocation":"bottom","media":[],"icon":[{"publicUrl":"https:\/\/cz-api.raben-group.com\/fileadmin\/ICONS_-_INDUSTRIES\/chemistry_icon.png","properties":{"title":"Chemistry icon","alternative":"Chemistry icon","description":"Chemistry icon","link":null,"linkData":null,"mimeType":"image\/png","type":"image","filename":"chemistry_icon.png","originalUrl":"\/fileadmin\/ICONS_-_INDUSTRIES\/chemistry_icon.png","uidLocal":1925,"fileReferenceUid":8265,"size":"31 KB","dimensions":{"width":1068,"height":1067},"cropDimensions":{"width":1068,"height":1067},"crop":"","autoplay":null,"extension":"png"}}],"link":{"href":"\/segmenty\/chemie","target":null,"class":null,"title":null,"linkText":"Chemie","additionalAttributes":[]},"description":"","actionColor":"red"}},{"id":715,"type":"rabenbase_slide_item","colPos":0,"categories":"","appearance":{"layout":"default","frameClass":"","spaceBefore":"","spaceAfter":"","color":"","secondaryColor":"","backgroundColor":""},"content":{"header":"E-commerce","subheader":"","headerType":"0","subheaderType":"","textLocation":"bottom","media":[],"icon":[{"publicUrl":"https:\/\/cz-api.raben-group.com\/fileadmin\/ICONS_-_INDUSTRIES\/e-commerce_icon.png","properties":{"title":"E-commerce icon","alternative":"E-commerce icon","description":"E-commerce icon","link":null,"linkData":null,"mimeType":"image\/png","type":"image","filename":"e-commerce_icon.png","originalUrl":"\/fileadmin\/ICONS_-_INDUSTRIES\/e-commerce_icon.png","uidLocal":1930,"fileReferenceUid":8268,"size":"28 KB","dimensions":{"width":1068,"height":1067},"cropDimensions":{"width":1068,"height":1067},"crop":"","autoplay":null,"extension":"png"}}],"link":{"href":"\/sluzby\/smluvni-logistika\/e-commerce","target":null,"class":null,"title":null,"linkText":"E-commerce","additionalAttributes":[]},"description":"","actionColor":"red"}}]}},{"id":37865,"type":"raben_accordion","colPos":0,"categories":"","appearance":{"layout":"default","frameClass":"default","spaceBefore":"medium","spaceAfter":"medium","color":"","secondaryColor":"","backgroundColor":""},"content":{"header":"Ot\u00e1zky a odpov\u011bdi","headerLayout":0,"headerPosition":"","headerLink":"","headerType":"h2","items":[{"id":2323,"type":"tx_rabenbase_accordion_item","colPos":0,"categories":"","appearance":{"layout":"default","frameClass":"","spaceBefore":"","spaceAfter":"","color":"","secondaryColor":"","backgroundColor":""},"content":{"header":"Do kter\u00fdch zem\u00ed zaji\u0161\u0165uje Raben Group p\u0159epravu a jak rychle?","headerLayout":0,"headerPosition":"","headerLink":"","headerType":"h3","text":"<p><span class=\"ce-text-moderate\">Raben Group provozuje vlastn\u00ed hustou sb\u011brnou s\u00ed\u0165 nap\u0159\u00ed\u010d <\/span><a href=\"https:\/\/ceskarepublika.raben-group.com\/o-nas\/raben-group-v-evrope\" title=\"Do kter\u00fdch zem\u00ed zaji\u0161\u0165uje Raben Group p\u0159epravu a jak rychle?\"><span class=\"ce-text-moderate\"><u>17 zem\u011bmi Evropy<\/u><\/span><\/a><span class=\"ce-text-moderate\">. D\u00edky strategicky rozm\u00edst\u011bn\u00fdm pobo\u010dk\u00e1m a Eurohub\u016fm zaji\u0161\u0165ujeme pravideln\u00e9 ka\u017edodenn\u00ed linky. Standardn\u00ed doba doru\u010den\u00ed u mezin\u00e1rodn\u00edch z\u00e1silek se pohybuje mezi 24 a\u017e 72 hodinami v z\u00e1vislosti na c\u00edlov\u00e9 destinaci.<\/span><\/p>"}},{"id":2324,"type":"tx_rabenbase_accordion_item","colPos":0,"categories":"","appearance":{"layout":"default","frameClass":"","spaceBefore":"","spaceAfter":"","color":"","secondaryColor":"","backgroundColor":""},"content":{"header":"Jak\u00e9 typy, rozm\u011bry a hmotnosti palet p\u0159ij\u00edm\u00e1te k p\u0159eprav\u011b?","headerLayout":0,"headerPosition":"","headerLink":"","headerType":"h3","text":"<p><span class=\"ce-text-moderate\">Raben Group p\u0159epravuje z\u00e1silky na standardn\u00edch <\/span><a href=\"https:\/\/ceskarepublika.raben-group.com\/sluzby\/jak-pripravit-paletu-k-preprave\" title=\"Jak p\u0159ipravit paletu k p\u0159eprav\u011b?\" target=\"_top\"><span class=\"ce-text-moderate\"><u>EUR palet\u00e1ch<\/u><\/span><\/a><span class=\"ce-text-moderate\"> (120x80 cm), pr\u016fmyslov\u00fdch palet\u00e1ch (120x100 cm) i p\u016flpalet\u00e1ch. Pro b\u011b\u017enou silni\u010dn\u00ed p\u0159epravu (LTL) je maxim\u00e1ln\u00ed v\u00fd\u0161ka jedn\u00e9 palety obvykle 220 cm a celkov\u00e1 hmotnost do 1200 kg. Zbo\u017e\u00ed mus\u00ed b\u00fdt v\u017edy bezpe\u010dn\u011b zafixov\u00e1no pro manipulaci vysokozdvi\u017en\u00fdm voz\u00edkem.<\/span><\/p>"}},{"id":2325,"type":"tx_rabenbase_accordion_item","colPos":0,"categories":"","appearance":{"layout":"default","frameClass":"","spaceBefore":"","spaceAfter":"","color":"","secondaryColor":"","backgroundColor":""},"content":{"header":"Nab\u00edz\u00ed Raben Group p\u0159epravu ADR zbo\u017e\u00ed a logistiku s \u0159\u00edzenou teplotou?","headerLayout":0,"headerPosition":"","headerLink":"","headerType":"h3","text":"<p><span class=\"ce-text-moderate\">Ano, Raben Group se specializuje na p\u0159epravu <\/span><a href=\"https:\/\/ceskarepublika.raben-group.com\/segmenty\/chemie\" title=\"P\u0159eprava nebezpe\u010dn\u00e9ho zbo\u017e\u00ed\" target=\"_top\"><span class=\"ce-text-moderate\"><u>nebezpe\u010dn\u00e9ho n\u00e1kladu<\/u><\/span><\/a><span class=\"ce-text-moderate\"> (ADR p\u0159eprava) i na <\/span><a href=\"https:\/\/ceskarepublika.raben-group.com\/segmenty\/fmcg-potraviny\" title=\"P\u0159eprava a skladov\u00e1n\u00ed \u010derstv\u00fdch produkt\u016f\" target=\"_top\"><span class=\"ce-text-moderate\"><u>logistiku \u010derstv\u00fdch produkt\u016f<\/u><\/span><\/a><span class=\"ce-text-moderate\"> v re\u017eimu \u0159\u00edzen\u00e9 teploty (Fresh Logistics). Disponujeme certifikovan\u00fdm vozov\u00fdm parkem a sklady, kter\u00e9 spl\u0148uj\u00ed nejp\u0159\u00edsn\u011bj\u0161\u00ed bezpe\u010dnostn\u00ed, ekologick\u00e9 a hygienick\u00e9 normy.<\/span><\/p>\r\n\r\n"}},{"id":2326,"type":"tx_rabenbase_accordion_item","colPos":0,"categories":"","appearance":{"layout":"default","frameClass":"","spaceBefore":"","spaceAfter":"","color":"","secondaryColor":"","backgroundColor":""},"content":{"header":"Zaji\u0161\u0165uje Raben Group tak\u00e9 celn\u00ed odbaven\u00ed pro z\u00e1silky mimo EU?","headerLayout":0,"headerPosition":"","headerLink":"","headerType":"h3","text":"<p><span class=\"ce-text-moderate\">Ano, spole\u010dnost Raben Group poskytuje <\/span><a href=\"https:\/\/ceskarepublika.raben-group.com\/zakaznicka-zona\" title=\"Komplexn\u00ed logistick\u00e9 slu\u017eby na m\u00edru\" target=\"_top\"><span class=\"ce-text-moderate\"><u>kompletn\u00ed celn\u00ed slu\u017eby<\/u><\/span><\/a><span class=\"ce-text-moderate\"> pro export i import zbo\u017e\u00ed. Na\u0161e vlastn\u00ed celn\u00ed odd\u011blen\u00ed a s\u00ed\u0165 celn\u00edch deklarant\u016f vy\u0159izuj\u00ed ve\u0161kerou administrativu, zastupov\u00e1n\u00ed v celn\u00edm \u0159\u00edzen\u00ed a poradenstv\u00ed, co\u017e v\u00fdrazn\u011b urychluje p\u0159epravu mezi zem\u011bmi EU a t\u0159et\u00edmi st\u00e1ty.<\/span><\/p>"}},{"id":2327,"type":"tx_rabenbase_accordion_item","colPos":0,"categories":"","appearance":{"layout":"default","frameClass":"","spaceBefore":"","spaceAfter":"","color":"","secondaryColor":"","backgroundColor":""},"content":{"header":"Jak\u00e1 je cena za p\u0159epravu palet a jak mohu z\u00edskat cenovou nab\u00eddku?","headerLayout":0,"headerPosition":"","headerLink":"","headerType":"h3","text":"<p><span class=\"ce-text-moderate\">Cena p\u0159epravy v s\u00edti Raben Group se stanovuje individu\u00e1ln\u011b na z\u00e1klad\u011b vzd\u00e1lenosti, hmotnosti a rozm\u011br\u016f z\u00e1silky. Nejrychlej\u0161\u00edm zp\u016fsobem, jak zjistit p\u0159esnou cenu a z\u00edskat kalkulaci na m\u00edru, je vyplnit n\u00e1\u0161 online <\/span><a href=\"https:\/\/ceskarepublika.raben-group.com\/zakaznicka-zona\" title=\"Zeptat se na cenu.\" target=\"_top\"><span class=\"ce-text-moderate\"><u>popt\u00e1vkov\u00fd formul\u00e1\u0159<\/u><\/span><\/a><span class=\"ce-text-moderate\"> p\u0159\u00edmo na webu. Na\u0161i specialist\u00e9 v\u00e1m p\u0159iprav\u00ed nab\u00eddku v nejkrat\u0161\u00edm mo\u017en\u00e9m \u010dase.<\/span><\/p>"}},{"id":2328,"type":"tx_rabenbase_accordion_item","colPos":0,"categories":"","appearance":{"layout":"default","frameClass":"","spaceBefore":"","spaceAfter":"","color":"","secondaryColor":"","backgroundColor":""},"content":{"header":"Jak mohu sledovat stav a polohu sv\u00e9 z\u00e1silky?","headerLayout":0,"headerPosition":"","headerLink":"","headerType":"h3","text":"<p><span class=\"ce-text-moderate\">Ka\u017edou z\u00e1silku p\u0159epravovanou spole\u010dnost\u00ed Raben Group m\u016f\u017eete sledovat online v re\u00e1ln\u00e9m \u010dase prost\u0159ednictv\u00edm z\u00e1kaznick\u00e9ho port\u00e1lu <\/span><a href=\"https:\/\/adfs.myraben.com\/adfs\/ls\/\" title=\"Sledov\u00e1n\u00ed z\u00e1silek\" target=\"_top\"><span class=\"ce-text-moderate\"><u>myRaben.com<\/u><\/span><\/a><span class=\"ce-text-moderate\">. Po zad\u00e1n\u00ed \u010d\u00edsla n\u00e1kladn\u00edho listu z\u00edsk\u00e1te okam\u017eit\u00fd p\u0159\u00edstup k aktu\u00e1ln\u00ed poloze, historii pohybu z\u00e1silky a p\u0159edpokl\u00e1dan\u00e9mu \u010dasu doru\u010den\u00ed (<\/span><a href=\"https:\/\/ceskarepublika.raben-group.com\/it-reseni\/eta\" title=\"Jak ETA funguje?\" target=\"_top\"><span class=\"ce-text-moderate\"><u>ETA<\/u><\/span><\/a><span class=\"ce-text-moderate\">).<\/span><\/p>"}}]}},{"id":6731,"type":"news_pi1","colPos":0,"categories":"","appearance":{"layout":"default","frameClass":"default","spaceBefore":"","spaceAfter":"","color":"","secondaryColor":"","backgroundColor":"white"},"content":{"header":"Novinky","subheader":"","headerLayout":0,"headerPosition":"","headerLink":"","headerType":"","subheaderType":"","data":{"pagination":{"numberOfPages":1,"current":1},"list":[{"uid":6352,"title":"Logistika bez kompromis\u016f: Kdy\u017e sortiment v\u00edce|ne\u017e 20 000 produkt\u016f pot\u0159ebuje jednoho|spolehliv\u00e9ho partnera","teaser":"P\u0159edstavte si ultim\u00e1tn\u00ed logistick\u00fd Tetris. V jedn\u00e9 ruce dr\u017e\u00edte sklen\u011bn\u00fd sv\u00edcen a v druh\u00e9 zahradn\u00ed post\u0159ikova\u010d a va\u0161\u00edm \u00fakolem je dostat oboj\u00ed bezpe\u010dn\u011b ke klientovi bez jedin\u00e9ho \u0161kr\u00e1bance. P\u0159esn\u011b to je ka\u017edodenn\u00ed realita slovensk\u00e9 spole\u010dnosti SLOVAKIA TREND EXPORT \u2013 IMPORT, s.r.o.","isTopNews":false,"crdate":"04.09.2026","tstamp":"04.09.2026","datetime":"04.09.2026","archive":null,"author":{"author":"","authorEmail":""},"media":{"imageFirst":[{"publicUrl":"https:\/\/cz-api.raben-group.com\/fileadmin\/_processed_\/2\/c\/csm_Header_web_Slovakia_Trend_a9a6b358c1.jpg","properties":{"title":null,"alternative":null,"description":null,"link":null,"linkData":null,"mimeType":"image\/jpeg","type":"image","filename":"csm_Header_web_Slovakia_Trend_a9a6b358c1.jpg","originalUrl":"\/fileadmin\/user_upload\/Header_web_Slovakia_Trend.jpg","uidLocal":123139,"fileReferenceUid":62445,"size":"51 KB","dimensions":{"width":1024,"height":320},"cropDimensions":{"width":1024,"height":320},"crop":"{\"default\":{\"cropArea\":{\"x\":0.23333333333333334,\"y\":0.1,\"width\":0.5333333333333333,\"height\":0.8},\"selectedRatio\":\"16:5\",\"focusArea\":null}}","autoplay":null,"extension":null}}],"imageList":[{"publicUrl":"https:\/\/cz-api.raben-group.com\/fileadmin\/_processed_\/2\/c\/csm_Header_web_Slovakia_Trend_a9a6b358c1.jpg","properties":{"title":null,"alternative":null,"description":null,"link":null,"linkData":null,"mimeType":"image\/jpeg","type":"image","filename":"csm_Header_web_Slovakia_Trend_a9a6b358c1.jpg","originalUrl":"\/fileadmin\/user_upload\/Header_web_Slovakia_Trend.jpg","uidLocal":123139,"fileReferenceUid":62445,"size":"51 KB","dimensions":{"width":1024,"height":320},"cropDimensions":{"width":1024,"height":320},"crop":"{\"default\":{\"cropArea\":{\"x\":0.23333333333333334,\"y\":0.1,\"width\":0.5333333333333333,\"height\":0.8},\"selectedRatio\":\"16:5\",\"focusArea\":null}}","autoplay":null,"extension":null}}]},"falRelatedFiles":[],"categories":[{"id":17,"pid":68,"title":"Press info","slug":"press-info"}],"tags":[],"metaData":{"keywords":"SLOVAKIA TREND, Raben, paletov\u00e1 p\u0159eprava, mezin\u00e1rodn\u00ed logistika, distribuce zbo\u017e\u00ed, e-commerce logistika, skladov\u00e1n\u00ed, zp\u011btn\u00e1 logistika, evropsk\u00e1 distribu\u010dn\u00ed s\u00ed\u0165","description":"Zjist\u011bte, jak Raben pom\u00e1h\u00e1 spole\u010dnosti SLOVAKIA TREND distribuovat p\u0159es 20 000 produkt\u016f po Evrop\u011b d\u00edky flexibiln\u00ed paletov\u00e9 a bal\u00edkov\u00e9 logistice.","alternativeTitle":"Raben a SLOVAKIA TREND: Spolehliv\u00e1 logistika pro v\u00edce ne\u017e 20 000 produkt\u016f"},"slug":"\/novinky\/news-details\/logistika-bez-kompromisu-kdyz-sortiment-vicenez-20-000-produktu-potrebuje-jednohospolehliveho-partnera","pathSegment":"logistika-bez-kompromisu-kdyz-sortiment-vicenez-20-000-produktu-potrebuje-jednohospolehliveho-partnera"},{"uid":6350,"title":"Od 7. 9. 2026 mus\u00ed b\u00fdt z\u00e1silky | ozna\u010deny \u0161t\u00edtkem ji\u017e p\u0159i p\u0159ed\u00e1n\u00ed \u0159idi\u010di","teaser":"Od 7. z\u00e1\u0159\u00ed 2026 doch\u00e1z\u00ed ke zm\u011bn\u011b v ozna\u010dov\u00e1n\u00ed z\u00e1silek p\u0159ed\u00e1van\u00fdch k p\u0159eprav\u011b spole\u010dnosti Raben. P\u0159epravn\u00ed \u0161t\u00edtek mus\u00ed b\u00fdt nov\u011b na z\u00e1silce nalepen ji\u017e p\u0159ed jej\u00edm p\u0159ed\u00e1n\u00edm \u0159idi\u010di.","isTopNews":false,"crdate":"03.09.2026","tstamp":"03.09.2026","datetime":"03.09.2026","archive":null,"author":{"author":"","authorEmail":""},"media":{"imageFirst":[{"publicUrl":"https:\/\/cz-api.raben-group.com\/fileadmin\/_processed_\/f\/5\/csm_stitky_3_cb91c1e5dd.jpg","properties":{"title":null,"alternative":null,"description":null,"link":null,"linkData":null,"mimeType":"image\/jpeg","type":"image","filename":"csm_stitky_3_cb91c1e5dd.jpg","originalUrl":"\/fileadmin\/user_upload\/stitky_3.jpg","uidLocal":123308,"fileReferenceUid":62424,"size":"163 KB","dimensions":{"width":1612,"height":504},"cropDimensions":{"width":1612,"height":504},"crop":"{\"default\":{\"cropArea\":{\"x\":0.149,\"y\":0.372183277027027,\"width\":0.796,\"height\":0.5596875},\"selectedRatio\":\"16:5\",\"focusArea\":null}}","autoplay":null,"extension":null}}],"imageList":[{"publicUrl":"https:\/\/cz-api.raben-group.com\/fileadmin\/_processed_\/f\/5\/csm_stitky_3_cb91c1e5dd.jpg","properties":{"title":null,"alternative":null,"description":null,"link":null,"linkData":null,"mimeType":"image\/jpeg","type":"image","filename":"csm_stitky_3_cb91c1e5dd.jpg","originalUrl":"\/fileadmin\/user_upload\/stitky_3.jpg","uidLocal":123308,"fileReferenceUid":62424,"size":"163 KB","dimensions":{"width":1612,"height":504},"cropDimensions":{"width":1612,"height":504},"crop":"{\"default\":{\"cropArea\":{\"x\":0.149,\"y\":0.372183277027027,\"width\":0.796,\"height\":0.5596875},\"selectedRatio\":\"16:5\",\"focusArea\":null}}","autoplay":null,"extension":null}}]},"falRelatedFiles":[],"categories":[{"id":17,"pid":68,"title":"Press info","slug":"press-info"}],"tags":[],"metaData":{"keywords":"","description":"","alternativeTitle":""},"slug":"\/novinky\/news-details\/od-7-9-2026-musi-byt-zasilky-oznaceny-stitkem-jiz-pri-predani-ridici","pathSegment":"od-7-9-2026-musi-byt-zasilky-oznaceny-stitkem-jiz-pri-predani-ridici"},{"uid":6337,"title":"Raben byl u historick\u00e9ho momentu \u010desk\u00e9ho horsk\u00e9ho kola","teaser":"17. a\u017e 19. \u010dervence 2026 se Stupno op\u011bt prom\u011bnilo v centrum \u010desk\u00e9ho MTB a p\u0159ineslo z\u00e1vody, na kter\u00e9 se jen tak nezapom\u00edn\u00e1.","isTopNews":false,"crdate":"20.07.2026","tstamp":"31.07.2026","datetime":"20.07.2026","archive":null,"author":{"author":"","authorEmail":""},"media":{"imageFirst":[{"publicUrl":"https:\/\/cz-api.raben-group.com\/fileadmin\/_processed_\/8\/a\/csm_Header_web_start_5aa8d7cb00.jpg","properties":{"title":null,"alternative":null,"description":null,"link":null,"linkData":null,"mimeType":"image\/jpeg","type":"image","filename":"csm_Header_web_start_5aa8d7cb00.jpg","originalUrl":"\/fileadmin\/user_upload\/Header_web_start.jpg","uidLocal":123064,"fileReferenceUid":61936,"size":"158 KB","dimensions":{"width":1024,"height":320},"cropDimensions":{"width":1024,"height":320},"crop":"{\"default\":{\"cropArea\":{\"x\":0.23333333333333334,\"y\":0.1,\"width\":0.5333333333333333,\"height\":0.8},\"selectedRatio\":\"16:5\",\"focusArea\":null}}","autoplay":null,"extension":null}}],"imageList":[{"publicUrl":"https:\/\/cz-api.raben-group.com\/fileadmin\/_processed_\/8\/a\/csm_Header_web_start_5aa8d7cb00.jpg","properties":{"title":null,"alternative":null,"description":null,"link":null,"linkData":null,"mimeType":"image\/jpeg","type":"image","filename":"csm_Header_web_start_5aa8d7cb00.jpg","originalUrl":"\/fileadmin\/user_upload\/Header_web_start.jpg","uidLocal":123064,"fileReferenceUid":61936,"size":"158 KB","dimensions":{"width":1024,"height":320},"cropDimensions":{"width":1024,"height":320},"crop":"{\"default\":{\"cropArea\":{\"x\":0.23333333333333334,\"y\":0.1,\"width\":0.5333333333333333,\"height\":0.8},\"selectedRatio\":\"16:5\",\"focusArea\":null}}","autoplay":null,"extension":null}}]},"falRelatedFiles":[],"categories":[{"id":17,"pid":68,"title":"Press info","slug":"press-info"}],"tags":[],"metaData":{"keywords":"Raben horsk\u00e1 kola, Raben MTB, Raben hlavn\u00ed partner, Mistrovstv\u00ed \u010cesk\u00e9 republiky MTB, Stupno MTB, Ond\u0159ej Cink, osm\u00fd titul Ond\u0159eje Cinka, cross-country horsk\u00e1 kola","description":"Raben jako hlavn\u00ed partner podpo\u0159il MTB z\u00e1vody ve Stupn\u011b, kde Ond\u0159ej Cink z\u00edskal rekordn\u00ed osm\u00fd titul mistra \u010cesk\u00e9 republiky v cross-country.","alternativeTitle":"Raben u historick\u00e9ho momentu MTB"},"slug":"\/novinky\/news-details\/raben-byl-u-historickeho-momentu-ceskeho-horskeho-kola","pathSegment":"raben-byl-u-historickeho-momentu-ceskeho-horskeho-kola"},{"uid":6336,"title":"Evropa utahuje pravidla.|Dod\u00e1vky \u010dek\u00e1 stejn\u00fd re\u017eim jako kamiony","teaser":"Od 1. \u010dervence 2026 za\u010dnou v cel\u00e9 Evropsk\u00e9 unii platit nov\u00e1 pravidla, kter\u00e1 v\u00fdrazn\u011b prom\u011bn\u00ed fungov\u00e1n\u00ed mezin\u00e1rodn\u00ed silni\u010dn\u00ed p\u0159epravy. To, co bylo je\u0161t\u011b doned\u00e1vna dom\u00e9nou t\u011b\u017ek\u00fdch n\u00e1kladn\u00edch vozidel, se st\u00e1v\u00e1 realitou i pro \u010d\u00e1st dod\u00e1vkov\u00e9 dopravy. ","isTopNews":false,"crdate":"20.07.2026","tstamp":"31.07.2026","datetime":"28.06.2026","archive":null,"author":{"author":"","authorEmail":""},"media":{"imageFirst":[{"publicUrl":"https:\/\/cz-api.raben-group.com\/fileadmin\/_processed_\/f\/c\/csm_HOME_BANNER__Van_vs_TRUCK_7f6095c80f.jpg","properties":{"title":null,"alternative":null,"description":null,"link":null,"linkData":null,"mimeType":"image\/jpeg","type":"image","filename":"csm_HOME_BANNER__Van_vs_TRUCK_7f6095c80f.jpg","originalUrl":"\/fileadmin\/user_upload\/HOME_BANNER__Van_vs_TRUCK.jpg","uidLocal":122498,"fileReferenceUid":61935,"size":"87 KB","dimensions":{"width":1536,"height":480},"cropDimensions":{"width":1536,"height":480},"crop":"{\"default\":{\"cropArea\":{\"x\":0.1,\"y\":0.125,\"width\":0.8,\"height\":0.75},\"selectedRatio\":\"16:5\",\"focusArea\":null}}","autoplay":null,"extension":null}}],"imageList":[{"publicUrl":"https:\/\/cz-api.raben-group.com\/fileadmin\/_processed_\/f\/c\/csm_HOME_BANNER__Van_vs_TRUCK_7f6095c80f.jpg","properties":{"title":null,"alternative":null,"description":null,"link":null,"linkData":null,"mimeType":"image\/jpeg","type":"image","filename":"csm_HOME_BANNER__Van_vs_TRUCK_7f6095c80f.jpg","originalUrl":"\/fileadmin\/user_upload\/HOME_BANNER__Van_vs_TRUCK.jpg","uidLocal":122498,"fileReferenceUid":61935,"size":"87 KB","dimensions":{"width":1536,"height":480},"cropDimensions":{"width":1536,"height":480},"crop":"{\"default\":{\"cropArea\":{\"x\":0.1,\"y\":0.125,\"width\":0.8,\"height\":0.75},\"selectedRatio\":\"16:5\",\"focusArea\":null}}","autoplay":null,"extension":null}}]},"falRelatedFiles":[],"categories":[{"id":17,"pid":68,"title":"Press info","slug":"press-info"}],"tags":[],"metaData":{"keywords":"nov\u00e1 pravidla EU pro dopravu, tachograf do dod\u00e1vky, dod\u00e1vky 2,5 a\u017e 3,5 t, mezin\u00e1rodn\u00ed silni\u010dn\u00ed p\u0159eprava, pravidla pro \u0159idi\u010de dod\u00e1vek,\r\nmobilitn\u00ed bal\u00ed\u010dek EU, evropsk\u00e1 logistika, sb\u011brn\u00e1 p\u0159eprava, LTL p\u0159eprava, Raben Logistics,\r\ndoba \u0159\u00edzen\u00ed a odpo\u010dinku, inteligentn\u00ed tachograf\r\np\u0159eprava zbo\u017e\u00ed po Evrop\u011b","description":"Od 1. \u010dervence 2026 plat\u00ed nov\u00e1 pravidla EU pro mezin\u00e1rodn\u00ed p\u0159epravu dod\u00e1vkami. Zjist\u011bte, koho se t\u00fdkaj\u00ed, co se m\u011bn\u00ed a jak reaguje Raben Logistics.","alternativeTitle":"Nov\u00e1 pravidla EU pro dod\u00e1vky od \u010dervence 2026 | Tachografy a mezin\u00e1rodn\u00ed p\u0159eprava | Raben Logistics"},"slug":"\/novinky\/news-details\/evropa-utahuje-pravidladodavky-ceka-stejny-rezim-jako-kamiony","pathSegment":"evropa-utahuje-pravidladodavky-ceka-stejny-rezim-jako-kamiony"}],"settings":{"orderBy":"datetime","orderDirection":"desc","templateLayout":"tiles","extended":{"cta":{"text":"Dozv\u011bd\u011bt se v\u00edce","buttonLocation":"top","link":"\/novinky"}},"action":"list"}}}}]},"i18n":[{"languageId":0,"locale":"cs_CZ.UTF-8","title":"\u010cesky","navigationTitle":"\u010cesky","twoLetterIsoCode":"cs","hreflang":"cs-CZ","direction":"ltr","flag":"flags-cz","link":"\/","active":1,"current":0,"available":1}],"title":"Raben Czech Republic","subtitle":"","titleType":"h1","subtitleType":"h2","titleLayout":"hidden","extended":{"banner":[],"bannerMobile":[],"bannerImageFocus":"center","bannerPrimaryColor":"red","menuImage":[],"showBadge":"1","badgeType":"your-partner-in-logistics"}}